{"version":"1.0","provider_name":"Tyrving - Friidrett","provider_url":"https:\/\/tyrving.idrett.no\/10\/f","author_name":"Kirsten Larsen","author_url":"https:\/\/tyrving.idrett.no\/10\/f\/author\/kirsten\/","title":"Tinestafetten - er din skole meldt p\u00e5? - Tyrving - Friidrett","type":"rich","width":600,"height":338,"html":"<blockquote class=\"wp-embedded-content\" data-secret=\"A8d0R6WyqV\"><a href=\"https:\/\/tyrving.idrett.no\/10\/f\/2012\/03\/28\/tinestafetten-er-din-skole-meldt-pa\/\">Tinestafetten &#8211; er din skole meldt p\u00e5?<\/a><\/blockquote><iframe sandbox=\"allow-scripts\" security=\"restricted\" src=\"https:\/\/tyrving.idrett.no\/10\/f\/2012\/03\/28\/tinestafetten-er-din-skole-meldt-pa\/embed\/#?secret=A8d0R6WyqV\" width=\"600\" height=\"338\" title=\"&laquo;Tinestafetten &#8211; er din skole meldt p\u00e5?&raquo; &#8212; Tyrving - Friidrett\" data-secret=\"A8d0R6WyqV\" frameborder=\"0\" marginwidth=\"0\" marginheight=\"0\" scrolling=\"no\" class=\"wp-embedded-content\"><\/iframe><script type=\"text\/javascript\">\n\/*! This file is auto-generated *\/\n!function(c,d){\"use strict\";var e=!1,o=!1;if(d.querySelector)if(c.addEventListener)e=!0;if(c.wp=c.wp||{},c.wp.receiveEmbedMessage);else if(c.wp.receiveEmbedMessage=function(e){var t=e.data;if(!t);else if(!(t.secret||t.message||t.value));else if(\/[^a-zA-Z0-9]\/.test(t.secret));else{for(var r,s,a,i=d.querySelectorAll('iframe[data-secret=\"'+t.secret+'\"]'),n=d.querySelectorAll('blockquote[data-secret=\"'+t.secret+'\"]'),o=new RegExp(\"^https?:$\",\"i\"),l=0;l<n.length;l++)n[l].style.display=\"none\";for(l=0;l<i.length;l++)if(r=i[l],e.source!==r.contentWindow);else{if(r.removeAttribute(\"style\"),\"height\"===t.message){if(1e3<(s=parseInt(t.value,10)))s=1e3;else if(~~s<200)s=200;r.height=s}if(\"link\"===t.message)if(s=d.createElement(\"a\"),a=d.createElement(\"a\"),s.href=r.getAttribute(\"src\"),a.href=t.value,!o.test(a.protocol));else if(a.host===s.host)if(d.activeElement===r)c.top.location.href=t.value}}},e)c.addEventListener(\"message\",c.wp.receiveEmbedMessage,!1),d.addEventListener(\"DOMContentLoaded\",t,!1),c.addEventListener(\"load\",t,!1);function t(){if(o);else{o=!0;for(var e,t,r,s=-1!==navigator.appVersion.indexOf(\"MSIE 10\"),a=!!navigator.userAgent.match(\/Trident.*rv:11\\.\/),i=d.querySelectorAll(\"iframe.wp-embedded-content\"),n=0;n<i.length;n++){if(!(r=(t=i[n]).getAttribute(\"data-secret\")))r=Math.random().toString(36).substr(2,10),t.src+=\"#?secret=\"+r,t.setAttribute(\"data-secret\",r);if(s||a)(e=t.cloneNode(!0)).removeAttribute(\"security\"),t.parentNode.replaceChild(e,t);t.contentWindow.postMessage({message:\"ready\",secret:r},\"*\")}}}}(window,document);\n<\/script>\n","description":"Det blir ny Tinestafett-rekord p\u00e5 Nadderud stadion torsdag 10. mai. \u00a0S\u00e5 langt er det meldt p\u00e5 243 lag fra B\u00e6rumsskolene. \u00a0S\u00e5 mange lag har det aldri v\u00e6rt med p\u00e5 v\u00e5rt arrangement tidligere. Det gj\u00f8r og...","thumbnail_url":"http:\/\/tyrving.idrett.no\/10\/f\/files\/2012\/03\/Tinestafetten-2012.jpg"}