{"id":21655,"date":"2021-10-20T14:36:39","date_gmt":"2021-10-20T12:36:39","guid":{"rendered":"https:\/\/tyrving.idrett.no\/10\/f\/?page_id=21655"},"modified":"2025-03-06T13:14:51","modified_gmt":"2025-03-06T12:14:51","slug":"generell-friidrett-10-13-ar-og-rekrutt-14-ar","status":"publish","type":"page","link":"https:\/\/tyrving.idrett.no\/10\/f\/generell-friidrett-10-13-ar-og-rekrutt-14-ar\/","title":{"rendered":"Generell friidrett 10-13 \u00e5r og rekrutt 14 \u00e5r"},"content":{"rendered":"\t\t<div data-elementor-type=\"wp-page\" data-elementor-id=\"21655\" class=\"elementor elementor-21655\" data-elementor-post-type=\"page\">\n\t\t\t\t\t\t\t\t\t<section class=\"elementor-section elementor-top-section elementor-element elementor-element-c8fd7b0 elementor-section-boxed elementor-section-height-default elementor-section-height-default\" data-id=\"c8fd7b0\" data-element_type=\"section\" data-settings=\"{&quot;background_background&quot;:&quot;classic&quot;}\">\n\t\t\t\t\t\t<div class=\"elementor-container elementor-column-gap-extended\">\n\t\t\t\t\t<div class=\"elementor-column elementor-col-50 elementor-top-column elementor-element elementor-element-fb99096\" data-id=\"fb99096\" data-element_type=\"column\" data-settings=\"{&quot;background_background&quot;:&quot;classic&quot;}\">\n\t\t\t<div class=\"elementor-widget-wrap elementor-element-populated\">\n\t\t\t\t\t\t\t\t<div class=\"elementor-element elementor-element-a2a1b52 elementor-widget elementor-widget-heading\" data-id=\"a2a1b52\" data-element_type=\"widget\" data-widget_type=\"heading.default\">\n\t\t\t\t<div class=\"elementor-widget-container\">\n\t\t\t<h2 class=\"elementor-heading-title elementor-size-xl\">Generell Friidrett 10-13 \u00e5r &amp; Rekrutt 14 \u00e5r <\/h2>\t\t<\/div>\n\t\t\t\t<\/div>\n\t\t\t\t<div class=\"elementor-element elementor-element-34e9793 elementor-widget elementor-widget-image\" data-id=\"34e9793\" data-element_type=\"widget\" data-widget_type=\"image.default\">\n\t\t\t\t<div class=\"elementor-widget-container\">\n\t\t\t\t\t\t\t\t\t\t\t\t\t\t\t<img decoding=\"async\" src=\"https:\/\/tyrving.idrett.no\/10\/f\/files\/elementor\/thumbs\/Hedvig-scaled-q2epr7mih6bq9inrvar64k6ccfbx8j0dggvbqo458o.jpg\" title=\"Hedvig\" alt=\"Hedvig\" loading=\"lazy\" \/>\t\t\t\t\t\t\t\t\t\t\t\t\t\t\t<\/div>\n\t\t\t\t<\/div>\n\t\t\t\t<div class=\"elementor-element elementor-element-5da5093 elementor-widget elementor-widget-heading\" data-id=\"5da5093\" data-element_type=\"widget\" data-widget_type=\"heading.default\">\n\t\t\t\t<div class=\"elementor-widget-container\">\n\t\t\t<h1 class=\"elementor-heading-title elementor-size-medium\">Generell Friidrett 10-13 \u00e5r<\/h1>\t\t<\/div>\n\t\t\t\t<\/div>\n\t\t\t\t<div class=\"elementor-element elementor-element-0a9afba elementor-widget elementor-widget-text-editor\" data-id=\"0a9afba\" data-element_type=\"widget\" data-widget_type=\"text-editor.default\">\n\t\t\t\t<div class=\"elementor-widget-container\">\n\t\t\t\t\t\t\t<p>Vi har treningsgrupper fra og med 10 \u00e5r\u00a0med tilbud om minst to treninger i uken og mulighet for \u00e5 delta p\u00e5 stevner nesten hver helg, om en \u00f8nsker det.<\/p><p>\u00a0<\/p><p>For aldersgruppen 10-14 \u00e5r har vi fokus p\u00e5 allsidighet. Det trenes p\u00e5 ulike \u00f8velser innen l\u00f8p, hopp og kast. Teknisk trening vektlegges.\u00a0<\/p><p>Vi trener styrke, spenst, bevegelighet, hurtighet og utholdenhet, alt tilpasset aldersgruppen.\u00a0<\/p><p>\u00a0<\/p><p>F\u00f8rste del av treningen bruker vi p\u00e5 oppvarming. Vi jogger rolig, har drill\u00f8velser, stigningsl\u00f8p og t\u00f8yninger. Etterp\u00e5 deles barna inn i grupper. Da kan en gruppe ha lengde, en annen sprint og en tredje gruppe kule. Andre \u00f8velser er h\u00f8yde, hekk, tresteg, ball, spyd eller diskos. Det blir ofte en stafett eller lekpreget aktivitet til slutt og utt\u00f8yning<\/p><p>Vi \u00f8nsker at alle som \u00f8nsker skal kunne delta p\u00e5 en pr\u00f8vetrening f\u00f8r de eventuelt registrerer deltagelse.\u00a0<\/p><p>Ta kontakt med trener for aktuell gruppe for \u00e5 avtale pr\u00f8vetrening eller send en e-post til morten@tyrving.no<\/p><p>.<\/p><p>Alle treningene er i B\u00e6rum Idrettspark &#8211; oppstart 22.april og varer til 28.september:<\/p><p>.<\/p><p><strong>Treningstider:<\/strong><\/p><p><strong>\u00a0<\/strong><\/p><p><strong style=\"font-size: 14px;background-color: #ffffff\">Generell Friidrett f. 2015 &#8211; Morten Jensen<\/strong><br \/><span style=\"font-size: 14px;background-color: #ffffff\">Tirsdag kl.17:30-19:00\u00a0<\/span><br \/><span style=\"font-size: 14px;background-color: #ffffff\">Onsdag kl.17:30-19:00<\/span><b><br \/><\/b><\/p><p><b>&#8230;<br \/><\/b><strong>Generell Friidrett f. 2014 &#8211; Sebastian Selbekk<\/strong><br \/>Mandag kl.17:00-18:30\u00a0<br \/>Onsdag kl.17:00-18:30\u00a0<\/p><p>&#8212;<\/p><p><strong>Generell Friidrett f. 2013 &#8211; Sebastian Selbekk<\/strong><br \/>Mandag kl.18:30-20:00\u00a0<br \/>Onsdag kl.18:30-20:00\u00a0<\/p><p>&#8212;<\/p><p><strong>Generell Friidrett f.2012 &#8211; Lars Schnell<\/strong><br \/>Tirsdag kl.17:30-19:30<br \/>Torsdag kl.17:30-19:30<\/p><p>&#8212;<\/p><p>\u00a0<\/p><p>* Som tillegg har vi en distansegruppe for ungdom, der de som er interessert i \u00e5 trene m\u00e5lrettet mot distanse kan bli med i tillegg til egen gruppe.\u00a0<\/p><p>.<\/p><p><strong>Distanse ungdom 10-16\u00e5r &#8211; Eirik Alvik<\/strong><\/p><p>Mandag 17.00-18.30<\/p><p>.<\/p><p>\u00a0<\/p><p><strong>For p\u00e5melding til innend\u00f8rssesongen:\u00a0<\/strong><a style=\"font-size: 14px;font-family: var( --e-global-typography-text-font-family ), Sans-serif;font-weight: var( --e-global-typography-text-font-weight )\" href=\"https:\/\/club.spond.com\/landing\/signup\/tyrvingil\/form\/0140A2033F414515849A02F32BDFCA51\">Innmeldingsskjema for Tyrving IL (spond.com)<\/a><\/p>\t\t\t\t\t\t<\/div>\n\t\t\t\t<\/div>\n\t\t\t\t<div class=\"elementor-element elementor-element-cf6fcdb elementor-widget elementor-widget-heading\" data-id=\"cf6fcdb\" data-element_type=\"widget\" data-widget_type=\"heading.default\">\n\t\t\t\t<div class=\"elementor-widget-container\">\n\t\t\t<h2 class=\"elementor-heading-title elementor-size-medium\">Rekrutt 14 \u00e5r<\/h2>\t\t<\/div>\n\t\t\t\t<\/div>\n\t\t\t\t<div class=\"elementor-element elementor-element-f59d347 elementor-widget__width-initial elementor-widget elementor-widget-text-editor\" data-id=\"f59d347\" data-element_type=\"widget\" data-widget_type=\"text-editor.default\">\n\t\t\t\t<div class=\"elementor-widget-container\">\n\t\t\t\t\t\t\t<p>For \u00e5 v\u00e6re bedre tilpasset individuelle ut\u00f8veres ambisjonsniv\u00e5 og \u00f8nsker, samtidig som man ivaretar det sosiale har vi for 14-\u00e5ringer en Rekruttgruppe.&nbsp;<\/p>\n<p><\/p>\n<p>Tilbudet gir ut\u00f8veren muligheten til \u00e5 spesialisere seg innenfor \u00f8nsket \u00f8velse, eller fortsette med en allsidighetstiln\u00e6rming. Trener og ut\u00f8ver kommer frem til i felleskap hvordan de skal legge opp treningen for \u00e5 m\u00f8te individuelle behov og \u00f8nsker.&nbsp;<\/p>\n<p><\/p>\n<p>Vi \u00f8nsker at alle som \u00f8nsker skal kunne delta p\u00e5 en pr\u00f8vetrening f\u00f8r de eventuelt registrerer deltagelse.&nbsp;<\/p>\n<p>Ta kontakt med trener for aktuell gruppe for \u00e5 avtale pr\u00f8vetrening eller send en e-post til morten@tyrving.no<\/p>\n<p>.<\/p>\n<p><\/p>\n<p>R<b>ekrutt f. 2011 &#8211; Frederik Jahr og Henrik Str\u00f8m Andersen<\/b><\/p>\n<p><\/p>\n<p>Tirsdag kl. 17.00-18.30<\/p>\n<p>Torsdag kl. 17.00-18.30<\/p>\n<p>&#8230;<\/p>\n<p><\/p>\n<p style=\"background-color: #ffffff\"><br><\/p>\n<p style=\"background-color: #ffffff\"><span style=\"font-size: 14px;color: var( --e-global-color-text );font-weight: var( --e-global-typography-text-font-weight )\">* Som tillegg har vi en distansegruppe for ungdom<\/span>, der de som er interessert i \u00e5 trene m\u00e5lrettet mot distanse kan bli med i tillegg til egen gruppe.&nbsp;<\/p>\n<p style=\"background-color: #ffffff\">.<\/p>\n<p style=\"background-color: #ffffff\"><strong>Distanse ungdom 10-16\u00e5r &#8211; Eirik Alvik<\/strong><\/p>\n<p style=\"background-color: #ffffff\">Mandag kl. 17.00-18.30<\/p>\n<p style=\"background-color: #ffffff\"><b style=\"font-size: 14px\">&#8230;<\/b><\/p>\n<p style=\"background-color: #ffffff\"><b style=\"font-size: 14px\">&nbsp;<\/b><\/p>\n<p><br><\/p>\n<p>.<\/p>\n<p><\/p>\n<p><strong>For p\u00e5melding til innend\u00f8rssesongen:&nbsp;<\/strong><a style=\"font-size: 14px;font-family: var( --e-global-typography-text-font-family ), Sans-serif;font-weight: var( --e-global-typography-text-font-weight )\" href=\"https:\/\/club.spond.com\/landing\/signup\/tyrvingil\/form\/0140A2033F414515849A02F32BDFCA51\">Innmeldingsskjema for Tyrving IL (spond.com)<\/a><\/p>\n<p>.<\/p>\n<p><\/p>\n<p><span style=\"font-size: 14px\">&nbsp;<\/span><\/p>\n<p><br><\/p>\t\t\t\t\t\t<\/div>\n\t\t\t\t<\/div>\n\t\t\t\t<div class=\"elementor-element elementor-element-400c33a elementor-widget elementor-widget-spacer\" data-id=\"400c33a\" data-element_type=\"widget\" data-widget_type=\"spacer.default\">\n\t\t\t\t<div class=\"elementor-widget-container\">\n\t\t\t\t\t<div class=\"elementor-spacer\">\n\t\t\t<div class=\"elementor-spacer-inner\"><\/div>\n\t\t<\/div>\n\t\t\t\t<\/div>\n\t\t\t\t<\/div>\n\t\t\t\t<div class=\"elementor-element elementor-element-4729ca9 elementor-widget elementor-widget-spacer\" data-id=\"4729ca9\" data-element_type=\"widget\" data-widget_type=\"spacer.default\">\n\t\t\t\t<div class=\"elementor-widget-container\">\n\t\t\t\t\t<div class=\"elementor-spacer\">\n\t\t\t<div class=\"elementor-spacer-inner\"><\/div>\n\t\t<\/div>\n\t\t\t\t<\/div>\n\t\t\t\t<\/div>\n\t\t\t\t\t<\/div>\n\t\t<\/div>\n\t\t\t\t<div class=\"elementor-column elementor-col-50 elementor-top-column elementor-element elementor-element-c300791\" data-id=\"c300791\" data-element_type=\"column\" data-settings=\"{&quot;background_background&quot;:&quot;classic&quot;}\">\n\t\t\t<div class=\"elementor-widget-wrap elementor-element-populated\">\n\t\t\t\t\t\t\t\t<div class=\"elementor-element elementor-element-edbb0eb sidekolonne elementor-widget elementor-widget-sidebar\" data-id=\"edbb0eb\" data-element_type=\"widget\" data-widget_type=\"sidebar.default\">\n\t\t\t\t<div class=\"elementor-widget-container\">\n\t\t\t<div id=\"custom_html-9\" class=\"widget_text widget widget_custom_html\"><div class=\"textwidget custom-html-widget\"><div class=\"elementor-element elementor-element-3960326 elementor-align-center forsideknapp elementor-widget elementor-widget-button\" data-id=\"3960326\" data-element_type=\"widget\" data-widget_type=\"button.default\">\r\n    <div class=\"elementor-widget-container\">\r\n        <div class=\"elementor-button-wrapper\">\r\n            <a href=\"https:\/\/tyrving.idrett.no\/10\/f\/bli-medlem-i-tyrving\/\" class=\"elementor-button-link elementor-button elementor-size-md\" role=\"button\">\r\n            <span class=\"elementor-button-content-wrapper\">\r\n            <span class=\"elementor-button-text\">Bli medlem<\/span>\r\n            <\/span>\r\n            <\/a>\r\n        <\/div>\r\n    <\/div>\r\n<\/div>\r\n<div class=\"elementor-element elementor-element-ad5d130 elementor-align-center forsideknapp elementor-widget elementor-widget-button\" data-id=\"ad5d130\" data-element_type=\"widget\" data-widget_type=\"button.default\">\r\n    <div class=\"elementor-widget-container\">\r\n        <div class=\"elementor-button-wrapper\">\r\n            <a href=\"https:\/\/tyrving.ourwear.shop\/\" target=\"_blank\" class=\"elementor-button elementor-size-md\" role=\"button\" rel=\"noopener\">\r\n            <span class=\"elementor-button-content-wrapper\">\r\n            <span class=\"elementor-button-text\">Microshop<\/span>\r\n            <\/span>\r\n            <\/a>\r\n        <\/div>\r\n    <\/div>\r\n<\/div><\/div><\/div><div id=\"custom_html-8\" class=\"widget_text widget widget_custom_html\"><h2 class=\"widget-title\">Kommende hendelser<\/h2><div class=\"textwidget custom-html-widget\"><div id=\"klubbkalender-sidebar\"><\/div><\/div><\/div><div id=\"custom_html-3\" class=\"widget_text widget widget_custom_html\"><h2 class=\"widget-title\">Grasrotandelen<\/h2><div class=\"textwidget custom-html-widget\"><a href=\"https:\/\/www.norsk-tipping.no\/grasrotandelen\/din-mottaker\/971059931\" target=\"_blank\" rel=\"noopener\"><img decoding=\"async\" alt=\"Grasrotandelen\" style=\"border:0px;\" src=\"https:\/\/tyrving.idrett.no\/10\/f\/files\/2021\/10\/grasrotandelen2021.jpg\"><\/a><\/div><\/div>\t\t<\/div>\n\t\t\t\t<\/div>\n\t\t\t\t\t<\/div>\n\t\t<\/div>\n\t\t\t\t\t\t\t<\/div>\n\t\t<\/section>\n\t\t\t\t\t\t\t<\/div>\n\t\t","protected":false},"excerpt":{"rendered":"Generell Friidrett 10-13 \u00e5r &amp; Rekrutt 14 \u00e5r Generell Friidrett 10-13 \u00e5r Vi har treningsgrupper fra og med 10 \u00e5r\u00a0med tilbud om minst to treninger i uken og mulighet for \u00e5 delta p\u00e5 stevner nesten hv&#8230;","protected":false},"author":2,"featured_media":0,"parent":0,"menu_order":0,"comment_status":"closed","ping_status":"closed","template":"elementor_canvas","meta":{"footnotes":""},"categories":[],"tags":[7869],"acf":[],"yoast_head":"<!-- This site is optimized with the Yoast SEO plugin v21.2 - https:\/\/yoast.com\/wordpress\/plugins\/seo\/ -->\n<title>Generell friidrett 10-13 \u00e5r og rekrutt 14 \u00e5r - Tyrving - Friidrett<\/title>\n<meta name=\"robots\" content=\"index, follow, max-snippet:-1, max-image-preview:large, max-video-preview:-1\" \/>\n<link rel=\"canonical\" href=\"https:\/\/tyrving.idrett.no\/10\/f\/generell-friidrett-10-13-ar-og-rekrutt-14-ar\/\" \/>\n<meta property=\"og:locale\" content=\"nb_NO\" \/>\n<meta property=\"og:type\" content=\"article\" \/>\n<meta property=\"og:title\" content=\"Generell friidrett 10-13 \u00e5r og rekrutt 14 \u00e5r - Tyrving - Friidrett\" \/>\n<meta property=\"og:description\" content=\"Generell Friidrett 10-13 \u00e5r &amp; Rekrutt 14 \u00e5r Generell Friidrett 10-13 \u00e5r Vi har treningsgrupper fra og med 10 \u00e5r\u00a0med tilbud om minst to treninger i uken og mulighet for \u00e5 delta p\u00e5 stevner nesten hv...\" \/>\n<meta property=\"og:url\" content=\"https:\/\/tyrving.idrett.no\/10\/f\/generell-friidrett-10-13-ar-og-rekrutt-14-ar\/\" \/>\n<meta property=\"og:site_name\" content=\"Tyrving - Friidrett\" \/>\n<meta property=\"article:modified_time\" content=\"2025-03-06T12:14:51+00:00\" \/>\n<meta property=\"og:image\" content=\"https:\/\/tyrving.idrett.no\/10\/f\/files\/elementor\/thumbs\/Hedvig-scaled-q2epr7mih6bq9inrvar64k6ccfbx8j0dggvbqo458o.jpg\" \/>\n<meta name=\"twitter:card\" content=\"summary_large_image\" \/>\n<meta name=\"twitter:label1\" content=\"Ansl. lesetid\" \/>\n\t<meta name=\"twitter:data1\" content=\"3 minutter\" \/>\n<script type=\"application\/ld+json\" class=\"yoast-schema-graph\">{\"@context\":\"https:\/\/schema.org\",\"@graph\":[{\"@type\":\"WebPage\",\"@id\":\"https:\/\/tyrving.idrett.no\/10\/f\/generell-friidrett-10-13-ar-og-rekrutt-14-ar\/\",\"url\":\"https:\/\/tyrving.idrett.no\/10\/f\/generell-friidrett-10-13-ar-og-rekrutt-14-ar\/\",\"name\":\"Generell friidrett 10-13 \u00e5r og rekrutt 14 \u00e5r - Tyrving - Friidrett\",\"isPartOf\":{\"@id\":\"https:\/\/tyrving.idrett.no\/10\/f\/#website\"},\"datePublished\":\"2021-10-20T12:36:39+00:00\",\"dateModified\":\"2025-03-06T12:14:51+00:00\",\"breadcrumb\":{\"@id\":\"https:\/\/tyrving.idrett.no\/10\/f\/generell-friidrett-10-13-ar-og-rekrutt-14-ar\/#breadcrumb\"},\"inLanguage\":\"nb-NO\",\"potentialAction\":[{\"@type\":\"ReadAction\",\"target\":[\"https:\/\/tyrving.idrett.no\/10\/f\/generell-friidrett-10-13-ar-og-rekrutt-14-ar\/\"]}]},{\"@type\":\"BreadcrumbList\",\"@id\":\"https:\/\/tyrving.idrett.no\/10\/f\/generell-friidrett-10-13-ar-og-rekrutt-14-ar\/#breadcrumb\",\"itemListElement\":[{\"@type\":\"ListItem\",\"position\":1,\"name\":\"Hjem\",\"item\":\"https:\/\/tyrving.idrett.no\/10\/f\/\"},{\"@type\":\"ListItem\",\"position\":2,\"name\":\"Generell friidrett 10-13 \u00e5r og rekrutt 14 \u00e5r\"}]},{\"@type\":\"WebSite\",\"@id\":\"https:\/\/tyrving.idrett.no\/10\/f\/#website\",\"url\":\"https:\/\/tyrving.idrett.no\/10\/f\/\",\"name\":\"Tyrving - Friidrett\",\"description\":\"Friidrettsgruppa\",\"publisher\":{\"@id\":\"https:\/\/tyrving.idrett.no\/10\/f\/#organization\"},\"potentialAction\":[{\"@type\":\"SearchAction\",\"target\":{\"@type\":\"EntryPoint\",\"urlTemplate\":\"https:\/\/tyrving.idrett.no\/10\/f\/?s={search_term_string}\"},\"query-input\":\"required name=search_term_string\"}],\"inLanguage\":\"nb-NO\"},{\"@type\":\"Organization\",\"@id\":\"https:\/\/tyrving.idrett.no\/10\/f\/#organization\",\"name\":\"Tyrving Friidrettsgruppa\",\"url\":\"https:\/\/tyrving.idrett.no\/10\/f\/\",\"logo\":{\"@type\":\"ImageObject\",\"inLanguage\":\"nb-NO\",\"@id\":\"https:\/\/tyrving.idrett.no\/10\/f\/#\/schema\/logo\/image\/\",\"url\":\"https:\/\/tyrving.idrett.no\/10\/f\/files\/2019\/04\/Tyrving-Logo-Friidrett-2019.jpg\",\"contentUrl\":\"https:\/\/tyrving.idrett.no\/10\/f\/files\/2019\/04\/Tyrving-Logo-Friidrett-2019.jpg\",\"width\":460,\"height\":360,\"caption\":\"Tyrving Friidrettsgruppa\"},\"image\":{\"@id\":\"https:\/\/tyrving.idrett.no\/10\/f\/#\/schema\/logo\/image\/\"}}]}<\/script>\n<!-- \/ Yoast SEO plugin. -->","yoast_head_json":{"title":"Generell friidrett 10-13 \u00e5r og rekrutt 14 \u00e5r - Tyrving - Friidrett","robots":{"index":"index","follow":"follow","max-snippet":"max-snippet:-1","max-image-preview":"max-image-preview:large","max-video-preview":"max-video-preview:-1"},"canonical":"https:\/\/tyrving.idrett.no\/10\/f\/generell-friidrett-10-13-ar-og-rekrutt-14-ar\/","og_locale":"nb_NO","og_type":"article","og_title":"Generell friidrett 10-13 \u00e5r og rekrutt 14 \u00e5r - Tyrving - Friidrett","og_description":"Generell Friidrett 10-13 \u00e5r &amp; Rekrutt 14 \u00e5r Generell Friidrett 10-13 \u00e5r Vi har treningsgrupper fra og med 10 \u00e5r\u00a0med tilbud om minst to treninger i uken og mulighet for \u00e5 delta p\u00e5 stevner nesten hv...","og_url":"https:\/\/tyrving.idrett.no\/10\/f\/generell-friidrett-10-13-ar-og-rekrutt-14-ar\/","og_site_name":"Tyrving - Friidrett","article_modified_time":"2025-03-06T12:14:51+00:00","og_image":[{"url":"https:\/\/tyrving.idrett.no\/10\/f\/files\/elementor\/thumbs\/Hedvig-scaled-q2epr7mih6bq9inrvar64k6ccfbx8j0dggvbqo458o.jpg"}],"twitter_card":"summary_large_image","twitter_misc":{"Ansl. lesetid":"3 minutter"},"schema":{"@context":"https:\/\/schema.org","@graph":[{"@type":"WebPage","@id":"https:\/\/tyrving.idrett.no\/10\/f\/generell-friidrett-10-13-ar-og-rekrutt-14-ar\/","url":"https:\/\/tyrving.idrett.no\/10\/f\/generell-friidrett-10-13-ar-og-rekrutt-14-ar\/","name":"Generell friidrett 10-13 \u00e5r og rekrutt 14 \u00e5r - Tyrving - Friidrett","isPartOf":{"@id":"https:\/\/tyrving.idrett.no\/10\/f\/#website"},"datePublished":"2021-10-20T12:36:39+00:00","dateModified":"2025-03-06T12:14:51+00:00","breadcrumb":{"@id":"https:\/\/tyrving.idrett.no\/10\/f\/generell-friidrett-10-13-ar-og-rekrutt-14-ar\/#breadcrumb"},"inLanguage":"nb-NO","potentialAction":[{"@type":"ReadAction","target":["https:\/\/tyrving.idrett.no\/10\/f\/generell-friidrett-10-13-ar-og-rekrutt-14-ar\/"]}]},{"@type":"BreadcrumbList","@id":"https:\/\/tyrving.idrett.no\/10\/f\/generell-friidrett-10-13-ar-og-rekrutt-14-ar\/#breadcrumb","itemListElement":[{"@type":"ListItem","position":1,"name":"Hjem","item":"https:\/\/tyrving.idrett.no\/10\/f\/"},{"@type":"ListItem","position":2,"name":"Generell friidrett 10-13 \u00e5r og rekrutt 14 \u00e5r"}]},{"@type":"WebSite","@id":"https:\/\/tyrving.idrett.no\/10\/f\/#website","url":"https:\/\/tyrving.idrett.no\/10\/f\/","name":"Tyrving - Friidrett","description":"Friidrettsgruppa","publisher":{"@id":"https:\/\/tyrving.idrett.no\/10\/f\/#organization"},"potentialAction":[{"@type":"SearchAction","target":{"@type":"EntryPoint","urlTemplate":"https:\/\/tyrving.idrett.no\/10\/f\/?s={search_term_string}"},"query-input":"required name=search_term_string"}],"inLanguage":"nb-NO"},{"@type":"Organization","@id":"https:\/\/tyrving.idrett.no\/10\/f\/#organization","name":"Tyrving Friidrettsgruppa","url":"https:\/\/tyrving.idrett.no\/10\/f\/","logo":{"@type":"ImageObject","inLanguage":"nb-NO","@id":"https:\/\/tyrving.idrett.no\/10\/f\/#\/schema\/logo\/image\/","url":"https:\/\/tyrving.idrett.no\/10\/f\/files\/2019\/04\/Tyrving-Logo-Friidrett-2019.jpg","contentUrl":"https:\/\/tyrving.idrett.no\/10\/f\/files\/2019\/04\/Tyrving-Logo-Friidrett-2019.jpg","width":460,"height":360,"caption":"Tyrving Friidrettsgruppa"},"image":{"@id":"https:\/\/tyrving.idrett.no\/10\/f\/#\/schema\/logo\/image\/"}}]}},"jetpack_sharing_enabled":true,"_links":{"self":[{"href":"https:\/\/tyrving.idrett.no\/10\/f\/wp-json\/wp\/v2\/pages\/21655"}],"collection":[{"href":"https:\/\/tyrving.idrett.no\/10\/f\/wp-json\/wp\/v2\/pages"}],"about":[{"href":"https:\/\/tyrving.idrett.no\/10\/f\/wp-json\/wp\/v2\/types\/page"}],"author":[{"embeddable":true,"href":"https:\/\/tyrving.idrett.no\/10\/f\/wp-json\/wp\/v2\/users\/2"}],"replies":[{"embeddable":true,"href":"https:\/\/tyrving.idrett.no\/10\/f\/wp-json\/wp\/v2\/comments?post=21655"}],"version-history":[{"count":163,"href":"https:\/\/tyrving.idrett.no\/10\/f\/wp-json\/wp\/v2\/pages\/21655\/revisions"}],"predecessor-version":[{"id":27300,"href":"https:\/\/tyrving.idrett.no\/10\/f\/wp-json\/wp\/v2\/pages\/21655\/revisions\/27300"}],"wp:attachment":[{"href":"https:\/\/tyrving.idrett.no\/10\/f\/wp-json\/wp\/v2\/media?parent=21655"}],"wp:term":[{"taxonomy":"category","embeddable":true,"href":"https:\/\/tyrving.idrett.no\/10\/f\/wp-json\/wp\/v2\/categories?post=21655"},{"taxonomy":"post_tag","embeddable":true,"href":"https:\/\/tyrving.idrett.no\/10\/f\/wp-json\/wp\/v2\/tags?post=21655"}],"curies":[{"name":"wp","href":"https:\/\/api.w.org\/{rel}","templated":true}]}}